{"id":555,"date":"2011-10-07T19:26:07","date_gmt":"2011-10-07T19:26:07","guid":{"rendered":"http:\/\/www.dimali.at\/?page_id=555"},"modified":"2021-06-23T21:50:04","modified_gmt":"2021-06-23T21:50:04","slug":"freunde-und-kollegen","status":"publish","type":"page","link":"https:\/\/www.dimali.at\/?page_id=555","title":{"rendered":"Freund:innen und Kolleg:innen"},"content":{"rendered":"\n<div class=\"ngg-galleryoverview\" id=\"ngg-gallery-1a0559373093bbb4d9c642cdd739df35-555\">\n\n\t\t\n\t<!-- Thumbnails -->\n\t\t\t\t\t\n\t<div id=\"ngg-image-28\" class=\"ngg-gallery-thumbnail-box\"  >\n\t\t<div class=\"ngg-gallery-thumbnail\" >\n\t\t\t<a href=\"https:\/\/www.dimali.at\/wp-content\/gallery\/freunde-und-kollegen\/scan0006.jpg\"\n\t\t\t\ttitle=\"mit Michael Niavarani \u00a9 Christian W\u00fcrth\"\n\t\t\t\tclass='use_imagebrowser_effect' data-imagebrowser-url='https:\/\/www.dimali.at\/index.php\/nggallery\/image\/%STUB%?page_id=555' >\n\t\t\t\t\t\t\t\t<img title=\"A few days ago ;-)\" alt=\"A few days ago ;-)\" src=\"https:\/\/www.dimali.at\/wp-content\/gallery\/freunde-und-kollegen\/cache\/scan0006.jpg-nggid0228-ngg0dyn-100x100x100-00f0w010c011r110f110r010t010.jpg\" width='100' height='100' \/>\n\t\t\t\t\t\t\t<\/a>\n\t\t<\/div>\n\t<\/div>\n\n\t\t\t\t\t\t\t\t\t\n\t\t\n\t<div id=\"ngg-image-117\" class=\"ngg-gallery-thumbnail-box\"  >\n\t\t<div class=\"ngg-gallery-thumbnail\" >\n\t\t\t<a href=\"https:\/\/www.dimali.at\/wp-content\/gallery\/freunde-und-kollegen\/IMG_1562.JPG\"\n\t\t\t\ttitle=\" \"\n\t\t\t\tclass='use_imagebrowser_effect' data-imagebrowser-url='https:\/\/www.dimali.at\/index.php\/nggallery\/image\/%STUB%?page_id=555' >\n\t\t\t\t\t\t\t\t<img title=\"Carolin Kebekus und Adriana Zart,\" alt=\"Carolin Kebekus und Adriana Zart,\" src=\"https:\/\/www.dimali.at\/wp-content\/gallery\/freunde-und-kollegen\/cache\/IMG_1562.JPG-nggid03117-ngg0dyn-100x100x100-00f0w010c011r110f110r010t010.JPG\" width='100' height='100' \/>\n\t\t\t\t\t\t\t<\/a>\n\t\t<\/div>\n\t<\/div>\n\n\t\t\t\t\t\t\t\t\t\n\t\t\n\t<div id=\"ngg-image-100\" class=\"ngg-gallery-thumbnail-box\"  >\n\t\t<div class=\"ngg-gallery-thumbnail\" >\n\t\t\t<a href=\"https:\/\/www.dimali.at\/wp-content\/gallery\/freunde-und-kollegen\/bulentmali.jpg\"\n\t\t\t\ttitle=\"mit B\u00fclent Ceylan \u00a9 Ludwig Schedl\"\n\t\t\t\tclass='use_imagebrowser_effect' data-imagebrowser-url='https:\/\/www.dimali.at\/index.php\/nggallery\/image\/%STUB%?page_id=555' >\n\t\t\t\t\t\t\t\t<img title=\"Schm\u00e4hstadl XL in der Wiener Stadthalle\" alt=\"Schm\u00e4hstadl XL in der Wiener Stadthalle\" src=\"https:\/\/www.dimali.at\/wp-content\/gallery\/freunde-und-kollegen\/cache\/bulentmali.jpg-nggid03100-ngg0dyn-100x100x100-00f0w010c011r110f110r010t010.jpg\" width='100' height='100' \/>\n\t\t\t\t\t\t\t<\/a>\n\t\t<\/div>\n\t<\/div>\n\n\t\t\t\t\t\t\t\t\t\n\t\t\n\t<div id=\"ngg-image-113\" class=\"ngg-gallery-thumbnail-box\"  >\n\t\t<div class=\"ngg-gallery-thumbnail\" >\n\t\t\t<a href=\"https:\/\/www.dimali.at\/wp-content\/gallery\/freunde-und-kollegen\/Kroymann.jpg\"\n\t\t\t\ttitle=\"mit Maren Kroymann\"\n\t\t\t\tclass='use_imagebrowser_effect' data-imagebrowser-url='https:\/\/www.dimali.at\/index.php\/nggallery\/image\/%STUB%?page_id=555' >\n\t\t\t\t\t\t\t\t<img title=\"K\u00fcnstlerinnengespr\u00e4ch in Wien\" alt=\"K\u00fcnstlerinnengespr\u00e4ch in Wien\" src=\"https:\/\/www.dimali.at\/wp-content\/gallery\/freunde-und-kollegen\/cache\/Kroymann.jpg-nggid03113-ngg0dyn-100x100x100-00f0w010c011r110f110r010t010.jpg\" width='100' height='100' \/>\n\t\t\t\t\t\t\t<\/a>\n\t\t<\/div>\n\t<\/div>\n\n\t\t\t\t\t\t\t\t\t\n\t\t\n\t<div id=\"ngg-image-94\" class=\"ngg-gallery-thumbnail-box\"  >\n\t\t<div class=\"ngg-gallery-thumbnail\" >\n\t\t\t<a href=\"https:\/\/www.dimali.at\/wp-content\/gallery\/freunde-und-kollegen\/gernotnadjamali.jpg\"\n\t\t\t\ttitle=\"mit Viktor Gernot und Nadja Maleh\"\n\t\t\t\tclass='use_imagebrowser_effect' data-imagebrowser-url='https:\/\/www.dimali.at\/index.php\/nggallery\/image\/%STUB%?page_id=555' >\n\t\t\t\t\t\t\t\t<img title=\"Kabarettfestival Rathaus 2013\" alt=\"Kabarettfestival Rathaus 2013\" src=\"https:\/\/www.dimali.at\/wp-content\/gallery\/freunde-und-kollegen\/cache\/gernotnadjamali.jpg-nggid0294-ngg0dyn-100x100x100-00f0w010c011r110f110r010t010.jpg\" width='100' height='100' \/>\n\t\t\t\t\t\t\t<\/a>\n\t\t<\/div>\n\t<\/div>\n\n\t\t\t\t\t\t\t\t\t\n\t\t\n\t<div id=\"ngg-image-110\" class=\"ngg-gallery-thumbnail-box\"  >\n\t\t<div class=\"ngg-gallery-thumbnail\" >\n\t\t\t<a href=\"https:\/\/www.dimali.at\/wp-content\/gallery\/freunde-und-kollegen\/IMG_3520.JPG\"\n\t\t\t\ttitle=\"mit Lilian Klebow und Barbara Pichlbauer\"\n\t\t\t\tclass='use_imagebrowser_effect' data-imagebrowser-url='https:\/\/www.dimali.at\/index.php\/nggallery\/image\/%STUB%?page_id=555' >\n\t\t\t\t\t\t\t\t<img title=\"Verleihung der &quot;Goldenen Bohne&quot;\" alt=\"Verleihung der &quot;Goldenen Bohne&quot;\" src=\"https:\/\/www.dimali.at\/wp-content\/gallery\/freunde-und-kollegen\/cache\/IMG_3520.JPG-nggid03110-ngg0dyn-100x100x100-00f0w010c011r110f110r010t010.JPG\" width='100' height='100' \/>\n\t\t\t\t\t\t\t<\/a>\n\t\t<\/div>\n\t<\/div>\n\n\t\t\t\t\t\t\t\t\t\n\t\t\n\t<div id=\"ngg-image-118\" class=\"ngg-gallery-thumbnail-box\"  >\n\t\t<div class=\"ngg-gallery-thumbnail\" >\n\t\t\t<a href=\"https:\/\/www.dimali.at\/wp-content\/gallery\/freunde-und-kollegen\/IMG_0127.JPG\"\n\t\t\t\ttitle=\" \"\n\t\t\t\tclass='use_imagebrowser_effect' data-imagebrowser-url='https:\/\/www.dimali.at\/index.php\/nggallery\/image\/%STUB%?page_id=555' >\n\t\t\t\t\t\t\t\t<img title=\"Premiere Vince Ebert\" alt=\"Premiere Vince Ebert\" src=\"https:\/\/www.dimali.at\/wp-content\/gallery\/freunde-und-kollegen\/cache\/IMG_0127.JPG-nggid03118-ngg0dyn-100x100x100-00f0w010c011r110f110r010t010.JPG\" width='100' height='100' \/>\n\t\t\t\t\t\t\t<\/a>\n\t\t<\/div>\n\t<\/div>\n\n\t\t\t\t\t\t\t\t\t\n\t\t\n\t<div id=\"ngg-image-116\" class=\"ngg-gallery-thumbnail-box\"  >\n\t\t<div class=\"ngg-gallery-thumbnail\" >\n\t\t\t<a href=\"https:\/\/www.dimali.at\/wp-content\/gallery\/freunde-und-kollegen\/20424326_1397464150288746_6517099885238675260_o.jpg\"\n\t\t\t\ttitle=\"mit Monika Gruber, Viktor Gernot und Michael Mutig\"\n\t\t\t\tclass='use_imagebrowser_effect' data-imagebrowser-url='https:\/\/www.dimali.at\/index.php\/nggallery\/image\/%STUB%?page_id=555' >\n\t\t\t\t\t\t\t\t<img title=\"Kabarettfestival Rathaus 2017\" alt=\"Kabarettfestival Rathaus 2017\" src=\"https:\/\/www.dimali.at\/wp-content\/gallery\/freunde-und-kollegen\/cache\/20424326_1397464150288746_6517099885238675260_o.jpg-nggid03116-ngg0dyn-100x100x100-00f0w010c011r110f110r010t010.jpg\" width='100' height='100' \/>\n\t\t\t\t\t\t\t<\/a>\n\t\t<\/div>\n\t<\/div>\n\n\t\t\t\t\t\t\t\t\t\n\t\t\n\t<div id=\"ngg-image-59\" class=\"ngg-gallery-thumbnail-box\"  >\n\t\t<div class=\"ngg-gallery-thumbnail\" >\n\t\t\t<a href=\"https:\/\/www.dimali.at\/wp-content\/gallery\/freunde-und-kollegen\/malifalbl.jpg\"\n\t\t\t\ttitle=\"mit Christoph F\u00e4lbl\"\n\t\t\t\tclass='use_imagebrowser_effect' data-imagebrowser-url='https:\/\/www.dimali.at\/index.php\/nggallery\/image\/%STUB%?page_id=555' >\n\t\t\t\t\t\t\t\t<img title=\"Premiere &quot;F\u00e4lbl- wer sonst!?&quot;\" alt=\"Premiere &quot;F\u00e4lbl- wer sonst!?&quot;\" src=\"https:\/\/www.dimali.at\/wp-content\/gallery\/freunde-und-kollegen\/cache\/malifalbl.jpg-nggid0259-ngg0dyn-100x100x100-00f0w010c011r110f110r010t010.jpg\" width='100' height='100' \/>\n\t\t\t\t\t\t\t<\/a>\n\t\t<\/div>\n\t<\/div>\n\n\t\t\t\t\t\t\t\t\t\n\t\t\n\t<div id=\"ngg-image-52\" class=\"ngg-gallery-thumbnail-box\"  >\n\t\t<div class=\"ngg-gallery-thumbnail\" >\n\t\t\t<a href=\"https:\/\/www.dimali.at\/wp-content\/gallery\/freunde-und-kollegen\/premiere-falbl.jpg\"\n\t\t\t\ttitle=\"mit Edith Leyrer und Barbara Pichlbauer\"\n\t\t\t\tclass='use_imagebrowser_effect' data-imagebrowser-url='https:\/\/www.dimali.at\/index.php\/nggallery\/image\/%STUB%?page_id=555' >\n\t\t\t\t\t\t\t\t<img title=\"Premiere &quot;Papa m.b.H.&quot;\" alt=\"Premiere &quot;Papa m.b.H.&quot;\" src=\"https:\/\/www.dimali.at\/wp-content\/gallery\/freunde-und-kollegen\/cache\/premiere-falbl.jpg-nggid0252-ngg0dyn-100x100x100-00f0w010c011r110f110r010t010.jpg\" width='100' height='100' \/>\n\t\t\t\t\t\t\t<\/a>\n\t\t<\/div>\n\t<\/div>\n\n\t\t\t\t\t\t\t\t\t\n\t\t\n\t<div id=\"ngg-image-127\" class=\"ngg-gallery-thumbnail-box\"  >\n\t\t<div class=\"ngg-gallery-thumbnail\" >\n\t\t\t<a href=\"https:\/\/www.dimali.at\/wp-content\/gallery\/freunde-und-kollegen\/b15b7d18-6f87-4940-87f3-9ac105c740ac.jpg\"\n\t\t\t\ttitle=\" \"\n\t\t\t\tclass='use_imagebrowser_effect' data-imagebrowser-url='https:\/\/www.dimali.at\/index.php\/nggallery\/image\/%STUB%?page_id=555' >\n\t\t\t\t\t\t\t\t<img title=\"mit Caroline Athanasiadis\" alt=\"mit Caroline Athanasiadis\" src=\"https:\/\/www.dimali.at\/wp-content\/gallery\/freunde-und-kollegen\/cache\/b15b7d18-6f87-4940-87f3-9ac105c740ac.jpg-nggid03127-ngg0dyn-100x100x100-00f0w010c011r110f110r010t010.jpg\" width='100' height='100' \/>\n\t\t\t\t\t\t\t<\/a>\n\t\t<\/div>\n\t<\/div>\n\n\t\t\t\t\t\t\t\t\t\n\t\t\n\t<div id=\"ngg-image-63\" class=\"ngg-gallery-thumbnail-box\"  >\n\t\t<div class=\"ngg-gallery-thumbnail\" >\n\t\t\t<a href=\"https:\/\/www.dimali.at\/wp-content\/gallery\/freunde-und-kollegen\/2011-10-18_23-53-50_970.jpg\"\n\t\t\t\ttitle=\"mit Steffi Paschke, Patricia Simpson und Verena Scheitz\"\n\t\t\t\tclass='use_imagebrowser_effect' data-imagebrowser-url='https:\/\/www.dimali.at\/index.php\/nggallery\/image\/%STUB%?page_id=555' >\n\t\t\t\t\t\t\t\t<img title=\"Premiere &quot;Frauen aus dem Hinterhalt&quot;\" alt=\"Premiere &quot;Frauen aus dem Hinterhalt&quot;\" src=\"https:\/\/www.dimali.at\/wp-content\/gallery\/freunde-und-kollegen\/cache\/2011-10-18_23-53-50_970.jpg-nggid0263-ngg0dyn-100x100x100-00f0w010c011r110f110r010t010.jpg\" width='100' height='100' \/>\n\t\t\t\t\t\t\t<\/a>\n\t\t<\/div>\n\t<\/div>\n\n\t\t\t\t\t\t\t\t\t\n\t\t\n\t<div id=\"ngg-image-96\" class=\"ngg-gallery-thumbnail-box\"  >\n\t\t<div class=\"ngg-gallery-thumbnail\" >\n\t\t\t<a href=\"https:\/\/www.dimali.at\/wp-content\/gallery\/freunde-und-kollegen\/schlagernachtstrauma2.jpg\"\n\t\t\t\ttitle=\"mit Missy May\"\n\t\t\t\tclass='use_imagebrowser_effect' data-imagebrowser-url='https:\/\/www.dimali.at\/index.php\/nggallery\/image\/%STUB%?page_id=555' >\n\t\t\t\t\t\t\t\t<img title=\"Premiere &quot;Ein Schlagernachtstrauma&quot; im Metropol\" alt=\"Premiere &quot;Ein Schlagernachtstrauma&quot; im Metropol\" src=\"https:\/\/www.dimali.at\/wp-content\/gallery\/freunde-und-kollegen\/cache\/schlagernachtstrauma2.jpg-nggid0296-ngg0dyn-100x100x100-00f0w010c011r110f110r010t010.jpg\" width='100' height='100' \/>\n\t\t\t\t\t\t\t<\/a>\n\t\t<\/div>\n\t<\/div>\n\n\t\t\t\t\t\t\t\t\t\n\t\t\n\t<div id=\"ngg-image-29\" class=\"ngg-gallery-thumbnail-box\"  >\n\t\t<div class=\"ngg-gallery-thumbnail\" >\n\t\t\t<a href=\"https:\/\/www.dimali.at\/wp-content\/gallery\/freunde-und-kollegen\/sie-werden-dran-glauben-mussen.jpg\"\n\t\t\t\ttitle=\"mit Susanne P\u00f6chacker \u00a9 Hautzinger\"\n\t\t\t\tclass='use_imagebrowser_effect' data-imagebrowser-url='https:\/\/www.dimali.at\/index.php\/nggallery\/image\/%STUB%?page_id=555' >\n\t\t\t\t\t\t\t\t<img title=\"Premiere &quot;Sie werden dran glauben m\u00fcssen&quot; Kulisse\" alt=\"Premiere &quot;Sie werden dran glauben m\u00fcssen&quot; Kulisse\" src=\"https:\/\/www.dimali.at\/wp-content\/gallery\/freunde-und-kollegen\/cache\/sie-werden-dran-glauben-mussen.jpg-nggid0229-ngg0dyn-100x100x100-00f0w010c011r110f110r010t010.jpg\" width='100' height='100' \/>\n\t\t\t\t\t\t\t<\/a>\n\t\t<\/div>\n\t<\/div>\n\n\t\t\t\t\t\t\t\t\t\n\t\t\n\t<div id=\"ngg-image-129\" class=\"ngg-gallery-thumbnail-box\"  >\n\t\t<div class=\"ngg-gallery-thumbnail\" >\n\t\t\t<a href=\"https:\/\/www.dimali.at\/wp-content\/gallery\/freunde-und-kollegen\/IMG_0207.jpg\"\n\t\t\t\ttitle=\" \"\n\t\t\t\tclass='use_imagebrowser_effect' data-imagebrowser-url='https:\/\/www.dimali.at\/index.php\/nggallery\/image\/%STUB%?page_id=555' >\n\t\t\t\t\t\t\t\t<img title=\"mit Peter Blau und Thomas Gratzer\" alt=\"mit Peter Blau und Thomas Gratzer\" src=\"https:\/\/www.dimali.at\/wp-content\/gallery\/freunde-und-kollegen\/cache\/IMG_0207.jpg-nggid03129-ngg0dyn-100x100x100-00f0w010c011r110f110r010t010.jpg\" width='100' height='100' \/>\n\t\t\t\t\t\t\t<\/a>\n\t\t<\/div>\n\t<\/div>\n\n\t\t\t\t\t\t\t\t\t\n\t\t\n\t<div id=\"ngg-image-119\" class=\"ngg-gallery-thumbnail-box\"  >\n\t\t<div class=\"ngg-gallery-thumbnail\" >\n\t\t\t<a href=\"https:\/\/www.dimali.at\/wp-content\/gallery\/freunde-und-kollegen\/IMG_0441.JPG\"\n\t\t\t\ttitle=\" \"\n\t\t\t\tclass='use_imagebrowser_effect' data-imagebrowser-url='https:\/\/www.dimali.at\/index.php\/nggallery\/image\/%STUB%?page_id=555' >\n\t\t\t\t\t\t\t\t<img title=\"Jazz Gitti\" alt=\"Jazz Gitti\" src=\"https:\/\/www.dimali.at\/wp-content\/gallery\/freunde-und-kollegen\/cache\/IMG_0441.JPG-nggid03119-ngg0dyn-100x100x100-00f0w010c011r110f110r010t010.JPG\" width='100' height='100' \/>\n\t\t\t\t\t\t\t<\/a>\n\t\t<\/div>\n\t<\/div>\n\n\t\t\t\t\t\t\t\t\t\n\t\t\n\t<div id=\"ngg-image-126\" class=\"ngg-gallery-thumbnail-box\"  >\n\t\t<div class=\"ngg-gallery-thumbnail\" >\n\t\t\t<a href=\"https:\/\/www.dimali.at\/wp-content\/gallery\/freunde-und-kollegen\/IMG_1731-scaled.jpeg\"\n\t\t\t\ttitle=\" \"\n\t\t\t\tclass='use_imagebrowser_effect' data-imagebrowser-url='https:\/\/www.dimali.at\/index.php\/nggallery\/image\/%STUB%?page_id=555' >\n\t\t\t\t\t\t\t\t<img title=\"mit Erika Ratcliff\" alt=\"mit Erika Ratcliff\" src=\"https:\/\/www.dimali.at\/wp-content\/gallery\/freunde-und-kollegen\/cache\/IMG_1731-scaled.jpeg-nggid03126-ngg0dyn-100x100x100-00f0w010c011r110f110r010t010.jpeg\" width='100' height='100' \/>\n\t\t\t\t\t\t\t<\/a>\n\t\t<\/div>\n\t<\/div>\n\n\t\t\t\t\t\t\t\t\t\n\t\t\n\t<div id=\"ngg-image-120\" class=\"ngg-gallery-thumbnail-box\"  >\n\t\t<div class=\"ngg-gallery-thumbnail\" >\n\t\t\t<a href=\"https:\/\/www.dimali.at\/wp-content\/gallery\/freunde-und-kollegen\/IMG_0919.JPG\"\n\t\t\t\ttitle=\" \"\n\t\t\t\tclass='use_imagebrowser_effect' data-imagebrowser-url='https:\/\/www.dimali.at\/index.php\/nggallery\/image\/%STUB%?page_id=555' >\n\t\t\t\t\t\t\t\t<img title=\"Nadja Maleh und Peter Klien\" alt=\"Nadja Maleh und Peter Klien\" src=\"https:\/\/www.dimali.at\/wp-content\/gallery\/freunde-und-kollegen\/cache\/IMG_0919.JPG-nggid03120-ngg0dyn-100x100x100-00f0w010c011r110f110r010t010.JPG\" width='100' height='100' \/>\n\t\t\t\t\t\t\t<\/a>\n\t\t<\/div>\n\t<\/div>\n\n\t\t\t\t\t\t\t\t\t\n\t\t\n\t<div id=\"ngg-image-121\" class=\"ngg-gallery-thumbnail-box\"  >\n\t\t<div class=\"ngg-gallery-thumbnail\" >\n\t\t\t<a href=\"https:\/\/www.dimali.at\/wp-content\/gallery\/freunde-und-kollegen\/IMG_0207.JPG\"\n\t\t\t\ttitle=\" \"\n\t\t\t\tclass='use_imagebrowser_effect' data-imagebrowser-url='https:\/\/www.dimali.at\/index.php\/nggallery\/image\/%STUB%?page_id=555' >\n\t\t\t\t\t\t\t\t<img title=\"Stefanie Sargnagel\" alt=\"Stefanie Sargnagel\" src=\"https:\/\/www.dimali.at\/wp-content\/gallery\/freunde-und-kollegen\/cache\/IMG_0207.JPG-nggid03121-ngg0dyn-100x100x100-00f0w010c011r110f110r010t010.JPG\" width='100' height='100' \/>\n\t\t\t\t\t\t\t<\/a>\n\t\t<\/div>\n\t<\/div>\n\n\t\t\t\t\t\t\t\t\t\n\t\t\n\t<div id=\"ngg-image-122\" class=\"ngg-gallery-thumbnail-box\"  >\n\t\t<div class=\"ngg-gallery-thumbnail\" >\n\t\t\t<a href=\"https:\/\/www.dimali.at\/wp-content\/gallery\/freunde-und-kollegen\/IMG_0293.jpg\"\n\t\t\t\ttitle=\" \"\n\t\t\t\tclass='use_imagebrowser_effect' data-imagebrowser-url='https:\/\/www.dimali.at\/index.php\/nggallery\/image\/%STUB%?page_id=555' >\n\t\t\t\t\t\t\t\t<img title=\"Patricia Simpson\" alt=\"Patricia Simpson\" src=\"https:\/\/www.dimali.at\/wp-content\/gallery\/freunde-und-kollegen\/cache\/IMG_0293.jpg-nggid03122-ngg0dyn-100x100x100-00f0w010c011r110f110r010t010.jpg\" width='100' height='100' \/>\n\t\t\t\t\t\t\t<\/a>\n\t\t<\/div>\n\t<\/div>\n\n\t\t\t\t\t\t\t\t\t\n\t\t\n\t<div id=\"ngg-image-101\" class=\"ngg-gallery-thumbnail-box\"  >\n\t\t<div class=\"ngg-gallery-thumbnail\" >\n\t\t\t<a href=\"https:\/\/www.dimali.at\/wp-content\/gallery\/freunde-und-kollegen\/gernot.jpg\"\n\t\t\t\ttitle=\"mit Viktor Gernot\"\n\t\t\t\tclass='use_imagebrowser_effect' data-imagebrowser-url='https:\/\/www.dimali.at\/index.php\/nggallery\/image\/%STUB%?page_id=555' >\n\t\t\t\t\t\t\t\t<img title=\"Kabarettfestival 2013 Wiener Rathaus\" alt=\"Kabarettfestival 2013 Wiener Rathaus\" src=\"https:\/\/www.dimali.at\/wp-content\/gallery\/freunde-und-kollegen\/cache\/gernot.jpg-nggid03101-ngg0dyn-100x100x100-00f0w010c011r110f110r010t010.jpg\" width='100' height='100' \/>\n\t\t\t\t\t\t\t<\/a>\n\t\t<\/div>\n\t<\/div>\n\n\t\t\t\t\t\t\t\t\t\n\t\t\n\t<div id=\"ngg-image-131\" class=\"ngg-gallery-thumbnail-box\"  >\n\t\t<div class=\"ngg-gallery-thumbnail\" >\n\t\t\t<a href=\"https:\/\/www.dimali.at\/wp-content\/gallery\/freunde-und-kollegen\/79EBFAF2-AC6C-4138-A4C1-A03E40DBF4D0.jpg\"\n\t\t\t\ttitle=\" \"\n\t\t\t\tclass='use_imagebrowser_effect' data-imagebrowser-url='https:\/\/www.dimali.at\/index.php\/nggallery\/image\/%STUB%?page_id=555' >\n\t\t\t\t\t\t\t\t<img title=\"Christoph F\u00e4lbl\" alt=\"Christoph F\u00e4lbl\" src=\"https:\/\/www.dimali.at\/wp-content\/gallery\/freunde-und-kollegen\/cache\/79EBFAF2-AC6C-4138-A4C1-A03E40DBF4D0.jpg-nggid03131-ngg0dyn-100x100x100-00f0w010c011r110f110r010t010.jpg\" width='100' height='100' \/>\n\t\t\t\t\t\t\t<\/a>\n\t\t<\/div>\n\t<\/div>\n\n\t\t\t\t\t\t\t\t\t\n\t\t\n\t<div id=\"ngg-image-130\" class=\"ngg-gallery-thumbnail-box\"  >\n\t\t<div class=\"ngg-gallery-thumbnail\" >\n\t\t\t<a href=\"https:\/\/www.dimali.at\/wp-content\/gallery\/freunde-und-kollegen\/IMG_4457.jpg\"\n\t\t\t\ttitle=\" \"\n\t\t\t\tclass='use_imagebrowser_effect' data-imagebrowser-url='https:\/\/www.dimali.at\/index.php\/nggallery\/image\/%STUB%?page_id=555' >\n\t\t\t\t\t\t\t\t<img title=\"Edith Leyrer\" alt=\"Edith Leyrer\" src=\"https:\/\/www.dimali.at\/wp-content\/gallery\/freunde-und-kollegen\/cache\/IMG_4457.jpg-nggid03130-ngg0dyn-100x100x100-00f0w010c011r110f110r010t010.jpg\" width='100' height='100' \/>\n\t\t\t\t\t\t\t<\/a>\n\t\t<\/div>\n\t<\/div>\n\n\t\t\t\t\t\t\t\t\t\n\t\t\n\t<div id=\"ngg-image-64\" class=\"ngg-gallery-thumbnail-box\"  >\n\t\t<div class=\"ngg-gallery-thumbnail\" >\n\t\t\t<a href=\"https:\/\/www.dimali.at\/wp-content\/gallery\/freunde-und-kollegen\/571076.jpg\"\n\t\t\t\ttitle=\"Christoph F\u00e4lbl\"\n\t\t\t\tclass='use_imagebrowser_effect' data-imagebrowser-url='https:\/\/www.dimali.at\/index.php\/nggallery\/image\/%STUB%?page_id=555' >\n\t\t\t\t\t\t\t\t<img title=\"Premiere im Orpheum &quot;F\u00e4lbl - wer sonst!?&quot;\" alt=\"Premiere im Orpheum &quot;F\u00e4lbl - wer sonst!?&quot;\" src=\"https:\/\/www.dimali.at\/wp-content\/gallery\/freunde-und-kollegen\/cache\/571076.jpg-nggid0264-ngg0dyn-100x100x100-00f0w010c011r110f110r010t010.jpg\" width='100' height='100' \/>\n\t\t\t\t\t\t\t<\/a>\n\t\t<\/div>\n\t<\/div>\n\n\t\t\t\t\t\t\t\t\t\n\t\t\n\t<div id=\"ngg-image-128\" class=\"ngg-gallery-thumbnail-box\"  >\n\t\t<div class=\"ngg-gallery-thumbnail\" >\n\t\t\t<a href=\"https:\/\/www.dimali.at\/wp-content\/gallery\/freunde-und-kollegen\/IMG_4833-scaled.jpeg\"\n\t\t\t\ttitle=\" \"\n\t\t\t\tclass='use_imagebrowser_effect' data-imagebrowser-url='https:\/\/www.dimali.at\/index.php\/nggallery\/image\/%STUB%?page_id=555' >\n\t\t\t\t\t\t\t\t<img title=\"mit Andreas Ferner\" alt=\"mit Andreas Ferner\" src=\"https:\/\/www.dimali.at\/wp-content\/gallery\/freunde-und-kollegen\/cache\/IMG_4833-scaled.jpeg-nggid03128-ngg0dyn-100x100x100-00f0w010c011r110f110r010t010.jpeg\" width='100' height='100' \/>\n\t\t\t\t\t\t\t<\/a>\n\t\t<\/div>\n\t<\/div>\n\n\t\t\t\t\t\t\t\t\t\n\t\t\n\t<div id=\"ngg-image-34\" class=\"ngg-gallery-thumbnail-box\"  >\n\t\t<div class=\"ngg-gallery-thumbnail\" >\n\t\t\t<a href=\"https:\/\/www.dimali.at\/wp-content\/gallery\/freunde-und-kollegen\/107202_susanne_poechacker_theatercafe_graz_20101202_35.jpg\"\n\t\t\t\ttitle=\"mit Susanne P\u00f6chacker \u00a9 infograz.at\"\n\t\t\t\tclass='use_imagebrowser_effect' data-imagebrowser-url='https:\/\/www.dimali.at\/index.php\/nggallery\/image\/%STUB%?page_id=555' >\n\t\t\t\t\t\t\t\t<img title=\"Premiere im Theatercafe Graz\" alt=\"Premiere im Theatercafe Graz\" src=\"https:\/\/www.dimali.at\/wp-content\/gallery\/freunde-und-kollegen\/cache\/107202_susanne_poechacker_theatercafe_graz_20101202_35.jpg-nggid0234-ngg0dyn-100x100x100-00f0w010c011r110f110r010t010.jpg\" width='100' height='100' \/>\n\t\t\t\t\t\t\t<\/a>\n\t\t<\/div>\n\t<\/div>\n\n\t\t\t\t\t\t\t\t\t\n\t\t\n\t<div id=\"ngg-image-111\" class=\"ngg-gallery-thumbnail-box\"  >\n\t\t<div class=\"ngg-gallery-thumbnail\" >\n\t\t\t<a href=\"https:\/\/www.dimali.at\/wp-content\/gallery\/freunde-und-kollegen\/12186572_1058118624220256_8406019294836977063_o-1.jpg\"\n\t\t\t\ttitle=\"mit Susanne P\u00f6chacker \u00a9Stefan Joham\"\n\t\t\t\tclass='use_imagebrowser_effect' data-imagebrowser-url='https:\/\/www.dimali.at\/index.php\/nggallery\/image\/%STUB%?page_id=555' >\n\t\t\t\t\t\t\t\t<img title=\"\u00d6sterreichischer Kabarettpreis 2015\" alt=\"\u00d6sterreichischer Kabarettpreis 2015\" src=\"https:\/\/www.dimali.at\/wp-content\/gallery\/freunde-und-kollegen\/cache\/12186572_1058118624220256_8406019294836977063_o-1.jpg-nggid03111-ngg0dyn-100x100x100-00f0w010c011r110f110r010t010.jpg\" width='100' height='100' \/>\n\t\t\t\t\t\t\t<\/a>\n\t\t<\/div>\n\t<\/div>\n\n\t\t\t\t\t\t\t\t\t\n\t\t\n\t<div id=\"ngg-image-91\" class=\"ngg-gallery-thumbnail-box\"  >\n\t\t<div class=\"ngg-gallery-thumbnail\" >\n\t\t\t<a href=\"https:\/\/www.dimali.at\/wp-content\/gallery\/freunde-und-kollegen\/falbl3blecha.jpg\"\n\t\t\t\ttitle=\"mit Norbert Blecha \u00a9 conny.at\"\n\t\t\t\tclass='use_imagebrowser_effect' data-imagebrowser-url='https:\/\/www.dimali.at\/index.php\/nggallery\/image\/%STUB%?page_id=555' >\n\t\t\t\t\t\t\t\t<img title=\"Premierenschnappschuss\" alt=\"Premierenschnappschuss\" src=\"https:\/\/www.dimali.at\/wp-content\/gallery\/freunde-und-kollegen\/cache\/falbl3blecha.jpg-nggid0291-ngg0dyn-100x100x100-00f0w010c011r110f110r010t010.jpg\" width='100' height='100' \/>\n\t\t\t\t\t\t\t<\/a>\n\t\t<\/div>\n\t<\/div>\n\n\t\t\t\t\t\t\t\t\t\n\t\t\n\t<div id=\"ngg-image-60\" class=\"ngg-gallery-thumbnail-box\"  >\n\t\t<div class=\"ngg-gallery-thumbnail\" >\n\t\t\t<a href=\"https:\/\/www.dimali.at\/wp-content\/gallery\/freunde-und-kollegen\/premwolkd3.jpg\"\n\t\t\t\ttitle=\"mit Niko Formanek, Edi Finger jr., Ciro de Luca, Roman Frankl, Fiorina Dor\u00e9, Christoph F\u00e4lbl und den Kern\u00f6lamazonen\"\n\t\t\t\tclass='use_imagebrowser_effect' data-imagebrowser-url='https:\/\/www.dimali.at\/index.php\/nggallery\/image\/%STUB%?page_id=555' >\n\t\t\t\t\t\t\t\t<img title=\"Kultursommer Schlo\u00df Wolkersdorf\" alt=\"Kultursommer Schlo\u00df Wolkersdorf\" src=\"https:\/\/www.dimali.at\/wp-content\/gallery\/freunde-und-kollegen\/cache\/premwolkd3.jpg-nggid0260-ngg0dyn-100x100x100-00f0w010c011r110f110r010t010.jpg\" width='100' height='100' \/>\n\t\t\t\t\t\t\t<\/a>\n\t\t<\/div>\n\t<\/div>\n\n\t\t\t\t\t\t\t\t\t\n\t\t\n\t<div id=\"ngg-image-86\" class=\"ngg-gallery-thumbnail-box\"  >\n\t\t<div class=\"ngg-gallery-thumbnail\" >\n\t\t\t<a href=\"https:\/\/www.dimali.at\/wp-content\/gallery\/freunde-und-kollegen\/fernerniddl2.jpg\"\n\t\t\t\ttitle=\"mit Niddl und Andreas Ferner\"\n\t\t\t\tclass='use_imagebrowser_effect' data-imagebrowser-url='https:\/\/www.dimali.at\/index.php\/nggallery\/image\/%STUB%?page_id=555' >\n\t\t\t\t\t\t\t\t<img title=\"Premierenschnappschuss\" alt=\"Premierenschnappschuss\" src=\"https:\/\/www.dimali.at\/wp-content\/gallery\/freunde-und-kollegen\/cache\/fernerniddl2.jpg-nggid0286-ngg0dyn-100x100x100-00f0w010c011r110f110r010t010.jpg\" width='100' height='100' \/>\n\t\t\t\t\t\t\t<\/a>\n\t\t<\/div>\n\t<\/div>\n\n\t\t\t\t\t\t\t\t\t\n\t\t\n\t<!-- Pagination -->\n\t\t<div class='ngg-navigation'><span class='current'>1<\/span>\n<a class='page-numbers' data-pageid='2' href='https:\/\/www.dimali.at\/index.php\/nggallery\/page\/2?page_id=555'>2<\/a>\n<a class='prev' href='https:\/\/www.dimali.at\/index.php\/nggallery\/page\/2?page_id=555' data-pageid=2>&#9658;<\/a><\/div>\t\n<\/div>\n\n\t\n<iframe src=\"http:\/\/www.facebook.com\/plugins\/like.php?href=https%3A%2F%2Fwww.dimali.at%2F%3Fpage_id%3D555&amp;layout=standard&amp;show_faces=true&amp;width=450&amp;action=like&amp;colorscheme=light&amp;height=80\" scrolling=\"no\" frameborder=\"0\" style=\"border:none; overflow:hidden; width:450px; height:80px;\" allowTransparency=\"true\"><\/iframe>","protected":false},"excerpt":{"rendered":"","protected":false},"author":1,"featured_media":0,"parent":130,"menu_order":3,"comment_status":"closed","ping_status":"closed","template":"","meta":{"ngg_post_thumbnail":0,"footnotes":""},"yoast_head":"<!-- This site is optimized with the Yoast SEO plugin v23.5 - https:\/\/yoast.com\/wordpress\/plugins\/seo\/ -->\n<title>Freund:innen und Kolleg:innen - Marion Dimali<\/title>\n<meta name=\"robots\" content=\"index, follow, max-snippet:-1, max-image-preview:large, max-video-preview:-1\" \/>\n<link rel=\"canonical\" href=\"https:\/\/www.dimali.at\/?page_id=555\" \/>\n<meta property=\"og:locale\" content=\"de_DE\" \/>\n<meta property=\"og:type\" content=\"article\" \/>\n<meta property=\"og:title\" content=\"Freund:innen und Kolleg:innen - Marion Dimali\" \/>\n<meta property=\"og:url\" content=\"https:\/\/www.dimali.at\/?page_id=555\" \/>\n<meta property=\"og:site_name\" content=\"Marion Dimali\" \/>\n<meta property=\"article:modified_time\" content=\"2021-06-23T21:50:04+00:00\" \/>\n<meta name=\"twitter:card\" content=\"summary_large_image\" \/>\n<meta name=\"twitter:label1\" content=\"Gesch\u00e4tzte Lesezeit\" \/>\n\t<meta name=\"twitter:data1\" content=\"1\u00a0Minute\" \/>\n<script type=\"application\/ld+json\" class=\"yoast-schema-graph\">{\"@context\":\"https:\/\/schema.org\",\"@graph\":[{\"@type\":\"WebPage\",\"@id\":\"https:\/\/www.dimali.at\/?page_id=555\",\"url\":\"https:\/\/www.dimali.at\/?page_id=555\",\"name\":\"Freund:innen und Kolleg:innen - Marion Dimali\",\"isPartOf\":{\"@id\":\"https:\/\/www.dimali.at\/#website\"},\"datePublished\":\"2011-10-07T19:26:07+00:00\",\"dateModified\":\"2021-06-23T21:50:04+00:00\",\"breadcrumb\":{\"@id\":\"https:\/\/www.dimali.at\/?page_id=555#breadcrumb\"},\"inLanguage\":\"de\",\"potentialAction\":[{\"@type\":\"ReadAction\",\"target\":[\"https:\/\/www.dimali.at\/?page_id=555\"]}]},{\"@type\":\"BreadcrumbList\",\"@id\":\"https:\/\/www.dimali.at\/?page_id=555#breadcrumb\",\"itemListElement\":[{\"@type\":\"ListItem\",\"position\":1,\"name\":\"Startseite\",\"item\":\"https:\/\/www.dimali.at\/\"},{\"@type\":\"ListItem\",\"position\":2,\"name\":\"Media\",\"item\":\"https:\/\/www.dimali.at\/?page_id=130\"},{\"@type\":\"ListItem\",\"position\":3,\"name\":\"Freund:innen und Kolleg:innen\"}]},{\"@type\":\"WebSite\",\"@id\":\"https:\/\/www.dimali.at\/#website\",\"url\":\"https:\/\/www.dimali.at\/\",\"name\":\"Marion Dimali\",\"description\":\"Schauspielerin, Regisseurin, S\u00e4ngerin, Autorin, Moderatorin und Coach\",\"publisher\":{\"@id\":\"https:\/\/www.dimali.at\/#\/schema\/person\/38cc8838c46d85484de5ef62a654f9da\"},\"potentialAction\":[{\"@type\":\"SearchAction\",\"target\":{\"@type\":\"EntryPoint\",\"urlTemplate\":\"https:\/\/www.dimali.at\/?s={search_term_string}\"},\"query-input\":{\"@type\":\"PropertyValueSpecification\",\"valueRequired\":true,\"valueName\":\"search_term_string\"}}],\"inLanguage\":\"de\"},{\"@type\":[\"Person\",\"Organization\"],\"@id\":\"https:\/\/www.dimali.at\/#\/schema\/person\/38cc8838c46d85484de5ef62a654f9da\",\"name\":\"admin\",\"logo\":{\"@id\":\"https:\/\/www.dimali.at\/#\/schema\/person\/image\/\"}}]}<\/script>\n<!-- \/ Yoast SEO plugin. -->","yoast_head_json":{"title":"Freund:innen und Kolleg:innen - Marion Dimali","robots":{"index":"index","follow":"follow","max-snippet":"max-snippet:-1","max-image-preview":"max-image-preview:large","max-video-preview":"max-video-preview:-1"},"canonical":"https:\/\/www.dimali.at\/?page_id=555","og_locale":"de_DE","og_type":"article","og_title":"Freund:innen und Kolleg:innen - Marion Dimali","og_url":"https:\/\/www.dimali.at\/?page_id=555","og_site_name":"Marion Dimali","article_modified_time":"2021-06-23T21:50:04+00:00","twitter_card":"summary_large_image","twitter_misc":{"Gesch\u00e4tzte Lesezeit":"1\u00a0Minute"},"schema":{"@context":"https:\/\/schema.org","@graph":[{"@type":"WebPage","@id":"https:\/\/www.dimali.at\/?page_id=555","url":"https:\/\/www.dimali.at\/?page_id=555","name":"Freund:innen und Kolleg:innen - Marion Dimali","isPartOf":{"@id":"https:\/\/www.dimali.at\/#website"},"datePublished":"2011-10-07T19:26:07+00:00","dateModified":"2021-06-23T21:50:04+00:00","breadcrumb":{"@id":"https:\/\/www.dimali.at\/?page_id=555#breadcrumb"},"inLanguage":"de","potentialAction":[{"@type":"ReadAction","target":["https:\/\/www.dimali.at\/?page_id=555"]}]},{"@type":"BreadcrumbList","@id":"https:\/\/www.dimali.at\/?page_id=555#breadcrumb","itemListElement":[{"@type":"ListItem","position":1,"name":"Startseite","item":"https:\/\/www.dimali.at\/"},{"@type":"ListItem","position":2,"name":"Media","item":"https:\/\/www.dimali.at\/?page_id=130"},{"@type":"ListItem","position":3,"name":"Freund:innen und Kolleg:innen"}]},{"@type":"WebSite","@id":"https:\/\/www.dimali.at\/#website","url":"https:\/\/www.dimali.at\/","name":"Marion Dimali","description":"Schauspielerin, Regisseurin, S\u00e4ngerin, Autorin, Moderatorin und Coach","publisher":{"@id":"https:\/\/www.dimali.at\/#\/schema\/person\/38cc8838c46d85484de5ef62a654f9da"},"potentialAction":[{"@type":"SearchAction","target":{"@type":"EntryPoint","urlTemplate":"https:\/\/www.dimali.at\/?s={search_term_string}"},"query-input":{"@type":"PropertyValueSpecification","valueRequired":true,"valueName":"search_term_string"}}],"inLanguage":"de"},{"@type":["Person","Organization"],"@id":"https:\/\/www.dimali.at\/#\/schema\/person\/38cc8838c46d85484de5ef62a654f9da","name":"admin","logo":{"@id":"https:\/\/www.dimali.at\/#\/schema\/person\/image\/"}}]}},"_links":{"self":[{"href":"https:\/\/www.dimali.at\/index.php?rest_route=\/wp\/v2\/pages\/555"}],"collection":[{"href":"https:\/\/www.dimali.at\/index.php?rest_route=\/wp\/v2\/pages"}],"about":[{"href":"https:\/\/www.dimali.at\/index.php?rest_route=\/wp\/v2\/types\/page"}],"author":[{"embeddable":true,"href":"https:\/\/www.dimali.at\/index.php?rest_route=\/wp\/v2\/users\/1"}],"replies":[{"embeddable":true,"href":"https:\/\/www.dimali.at\/index.php?rest_route=%2Fwp%2Fv2%2Fcomments&post=555"}],"version-history":[{"count":6,"href":"https:\/\/www.dimali.at\/index.php?rest_route=\/wp\/v2\/pages\/555\/revisions"}],"predecessor-version":[{"id":1233,"href":"https:\/\/www.dimali.at\/index.php?rest_route=\/wp\/v2\/pages\/555\/revisions\/1233"}],"up":[{"embeddable":true,"href":"https:\/\/www.dimali.at\/index.php?rest_route=\/wp\/v2\/pages\/130"}],"wp:attachment":[{"href":"https:\/\/www.dimali.at\/index.php?rest_route=%2Fwp%2Fv2%2Fmedia&parent=555"}],"curies":[{"name":"wp","href":"https:\/\/api.w.org\/{rel}","templated":true}]}}